{"id":169,"date":"2016-04-19T10:09:28","date_gmt":"2016-04-19T08:09:28","guid":{"rendered":"http:\/\/www.werk-stadt.ch\/home\/?lang=fr"},"modified":"2025-01-08T15:02:30","modified_gmt":"2025-01-08T14:02:30","slug":"home","status":"publish","type":"page","link":"https:\/\/www.werk-stadt.ch\/fr\/","title":{"rendered":"Sablage &#038; rev\u00eatement en poudre"},"content":{"rendered":"<h2>D\u00e8s maintenant, le magasin est \u00e0 nouveau ouvert du lundi au vendredi de 8h00 \u00e0 17h00.<\/h2>\n<h2>Nous nous r\u00e9jouissons de votre visite.<\/h2>\n<h2>Infos : 076 203 02 62<\/h2>\n<h1 dir=\"ltr\" data-placeholder=\"\u00dcbersetzung\"><\/h1>\n<h2 dir=\"ltr\" data-placeholder=\"\u00dcbersetzung\">D\u00e8s maintenant dans notre offre :<br \/>\n-D\u00e9capage de jantes, pi\u00e8ces jusqu'\u00e0 1,4 m\u00e8tre de\u00a0 \u00a0longueur en acier ou en aluminium.<br \/>\n-sabler \u00e0 la glace s\u00e8che<\/h2>\n<h2 dir=\"ltr\" data-placeholder=\"\u00dcbersetzung\">Nouveau : sablage de coquilles de noix pour les pi\u00e8ces sensibles comme la carrosserie, les pi\u00e8ces de moteur, Oldtimer, etc.<\/h2>\n<h2>Pour les petites pi\u00e8ces, le sablage aux billes de verre, le sablage c\u00e9ramique, le sablage plastique sont possibles d\u00e8s maintenant.<\/h2>\n<h1 id=\"tw-target-text\" class=\"tw-data-text tw-text-large XcVN5d tw-ta\" dir=\"ltr\" data-placeholder=\"\u00dcbersetzung\"><\/h1>\n<h3>Dans la r\u00e9gion Trois-Lacs<br \/>\nCabine de sablage 8m x 4m x 4m:<\/h3>\n<p>Nous sommes votre partenaire pour le sablage et le rev\u00eatement en poudre.<\/p>\n<p>Des\u00a0\u00e9l\u00e9ments de construction et de carrosserie ainsi que des pi\u00e8ces sensibles et d\u00e9licates sont trait\u00e9s de fa\u00e7on professionnelle par une \u00e9quipe exp\u00e9riment\u00e9e.<\/p>\n<p>Contactez-nous, nous vous ferons volontiers parvenir une offre!<\/p>\n<h3 class=\"tw-data-text tw-text-large tw-ta\" dir=\"ltr\" data-placeholder=\"\u00dcbersetzung\"><\/h3>\n","protected":false},"excerpt":{"rendered":"<p>D\u00e8s maintenant, le magasin est \u00e0 nouveau ouvert du lundi au vendredi de 8h00 \u00e0 17h00. Nous nous r\u00e9jouissons de votre visite. Infos : 076 203 02 62 D\u00e8s maintenant dans notre offre : -D\u00e9capage de jantes, pi\u00e8ces jusqu'\u00e0 1,4 m\u00e8tre de\u00a0 \u00a0longueur en acier ou en aluminium. -sabler \u00e0 la glace s\u00e8che Nouveau : <a class=\"read-more\" href=\"https:\/\/www.werk-stadt.ch\/fr\/\">...lire la suite <span class=\"meta-nav\">&rarr;<\/span><\/a><\/p>\n","protected":false},"author":1,"featured_media":46,"parent":0,"menu_order":0,"comment_status":"closed","ping_status":"closed","template":"","meta":{"footnotes":""},"_links":{"self":[{"href":"https:\/\/www.werk-stadt.ch\/fr\/wp-json\/wp\/v2\/pages\/169"}],"collection":[{"href":"https:\/\/www.werk-stadt.ch\/fr\/wp-json\/wp\/v2\/pages"}],"about":[{"href":"https:\/\/www.werk-stadt.ch\/fr\/wp-json\/wp\/v2\/types\/page"}],"author":[{"embeddable":true,"href":"https:\/\/www.werk-stadt.ch\/fr\/wp-json\/wp\/v2\/users\/1"}],"replies":[{"embeddable":true,"href":"https:\/\/www.werk-stadt.ch\/fr\/wp-json\/wp\/v2\/comments?post=169"}],"version-history":[{"count":40,"href":"https:\/\/www.werk-stadt.ch\/fr\/wp-json\/wp\/v2\/pages\/169\/revisions"}],"predecessor-version":[{"id":507,"href":"https:\/\/www.werk-stadt.ch\/fr\/wp-json\/wp\/v2\/pages\/169\/revisions\/507"}],"wp:featuredmedia":[{"embeddable":true,"href":"https:\/\/www.werk-stadt.ch\/fr\/wp-json\/wp\/v2\/media\/46"}],"wp:attachment":[{"href":"https:\/\/www.werk-stadt.ch\/fr\/wp-json\/wp\/v2\/media?parent=169"}],"curies":[{"name":"wp","href":"https:\/\/api.w.org\/{rel}","templated":true}]}}